{"id":9553,"date":"2020-07-17T16:57:27","date_gmt":"2020-07-17T14:57:27","guid":{"rendered":"https:\/\/alphabite.de\/?page_id=9553"},"modified":"2021-05-28T10:53:36","modified_gmt":"2021-05-28T08:53:36","slug":"faq","status":"publish","type":"page","link":"https:\/\/alphabite.de\/de\/faq\/","title":{"rendered":"FAQ"},"content":{"rendered":"<section class=\"l-section wpb_row height_medium\"><div class=\"l-section-h i-cf\"><div class=\"g-cols vc_row via_flex valign_top type_default stacking_default\"><div class=\"vc_col-sm-12 wpb_column vc_column_container\"><div class=\"vc_column-inner\"><div class=\"wpb_wrapper\">[vc_custom_heading text=&#8220;Fragen und Antworten&#8220; font_container=&#8220;tag:h1|text_align:left&#8220; use_theme_fonts=&#8220;yes&#8220; css=&#8220;%7B%22mobiles%22%3A%7B%22font-size%22%3A%2237px%22%7D%7D&#8220;]<div class=\"ult-spacer spacer-69f205aebc1cf\" data-id=\"69f205aebc1cf\" data-height=\"10\" data-height-mobile=\"10\" data-height-tab=\"10\" data-height-tab-portrait=\"\" data-height-mobile-landscape=\"\" style=\"clear:both;display:block;\"><\/div>[vc_custom_heading text=&#8220;Zahnabdruck&#8220; use_theme_fonts=&#8220;yes&#8220; css=&#8220;%7B%22default%22%3A%7B%22font-weight%22%3A%22600%22%2C%22font-size%22%3A%2236px%22%7D%2C%22tablets%22%3A%7B%22font-weight%22%3A%22600%22%2C%22font-size%22%3A%2236px%22%7D%2C%22mobiles%22%3A%7B%22font-weight%22%3A%22600%22%2C%22font-size%22%3A%2225px%22%7D%7D&#8220;]<div class=\"w-tabs style_default switch_click accordion\" style=\"--sections-title-size:inherit\"><div class=\"w-tabs-sections titles-align_none icon_chevron cpos_right\"><div class=\"w-tabs-section\" id=\"r950\"><button class=\"w-tabs-section-header\" aria-controls=\"content-r950\" aria-expanded=\"false\"><div class=\"w-tabs-section-title\">Muss man zu euch in die Manufaktur kommen um einen digital gescannten Zahnabdruck zu bekommen?<\/div><div class=\"w-tabs-section-control\"><\/div><\/button><div  class=\"w-tabs-section-content\" id=\"content-r950\"><div class=\"w-tabs-section-content-h i-cf\"><div class=\"wpb_text_column\"><div class=\"wpb_wrapper\"><p><em>Wir nehmen die Abdr\u00fccke deines Models per 3D-Dental-Scanner f\u00fcr 100%-ige Genauigkeit.\u00a0<\/em><em>Hierzu besteht die M\u00f6glichkeit direkt zu uns in die Manufaktur zu kommen oder wir kommen nach Absprache an einen Ort deiner Wahl, weltweit.<\/em><\/p>\n<p><em>In diesem\u00a0<a href=\"\/de\/wie-wichtig-ist-ein-guter-zahnabdruck-fuer-professionelle-filmzaehne\/\">Blogartikel<\/a> findest du mehr Infos dazu.<\/em><\/p>\n<\/div><\/div><\/div><\/div><\/div><div class=\"w-tabs-section\" id=\"fc56\"><button class=\"w-tabs-section-header\" aria-controls=\"content-fc56\" aria-expanded=\"false\"><div class=\"w-tabs-section-title\">Ich habe Angst, dass ich den Zahnabdruck nicht hinbekomme!<\/div><div class=\"w-tabs-section-control\"><\/div><\/button><div  class=\"w-tabs-section-content\" id=\"content-fc56\"><div class=\"w-tabs-section-content-h i-cf\"><div class=\"wpb_text_column\"><div class=\"wpb_wrapper\"><p><em>Wir lassen dich nicht alleine! Dem Starterkit liegt eine genaue Beschreibung inkl. einer Fotostory bei, die du auch <a href=\"\/de\/so-gehts\/\" target=\"_blank\" rel=\"noopener noreferrer\">hier<\/a> schon einsehen kannst. Des Weiteren haben wir eine sch\u00f6ne <a href=\"\/de\/so-gehts\/#dental-impression\" target=\"_blank\" rel=\"noopener noreferrer\">Videoanleitung<\/a> f\u00fcr dich erstellt, die dir helfen wird. Bereite dich gut vor und sorge f\u00fcr ausreichend Ruhe und Zeit, dann schaffst du das spielend. Wenn dir noch irgendetwas unklar ist, <a href=\"\/de\/kontakt\/\" target=\"_blank\" rel=\"noopener noreferrer\">melde dich bitte<\/a>!<\/em><\/p>\n<\/div><\/div><\/div><\/div><\/div><div class=\"w-tabs-section\" id=\"pf81\"><button class=\"w-tabs-section-header\" aria-controls=\"content-pf81\" aria-expanded=\"false\"><div class=\"w-tabs-section-title\">Was mache ich, wenn ich den Zahnabdruck nicht mehr aus dem Mund bekomme?<\/div><div class=\"w-tabs-section-control\"><\/div><\/button><div  class=\"w-tabs-section-content\" id=\"content-pf81\"><div class=\"w-tabs-section-content-h i-cf\"><div class=\"wpb_text_column\"><div class=\"wpb_wrapper\"><p><em>Vor allem Ruhe bewahren! Atme ruhig und gleichm\u00e4\u00dfig durch die Nase. Bewege den Abdruckl\u00f6ffel mit beiden H\u00e4nden vorsichtig immer wieder vor und zur\u00fcck, hoch und runter und nach links und rechts. So l\u00f6st er sich langsam von deinen Z\u00e4hnen. Jeder Zahnabdruck geht auch wieder raus!<\/em><\/p>\n<\/div><\/div><\/div><\/div><\/div><div class=\"w-tabs-section\" id=\"m26c\"><button class=\"w-tabs-section-header\" aria-controls=\"content-m26c\" aria-expanded=\"false\"><div class=\"w-tabs-section-title\">Ich bin absolute*r Angstpatient*in und kann den Zahnabdruck nicht selbst erstellen. Wie komme ich trotzdem zu Effekt-Z\u00e4hnen?<\/div><div class=\"w-tabs-section-control\"><\/div><\/button><div  class=\"w-tabs-section-content\" id=\"content-m26c\"><div class=\"w-tabs-section-content-h i-cf\"><div class=\"wpb_text_column\"><div class=\"wpb_wrapper\"><p><em>Kein Problem! Du kannst dir von deinem Zahnarzt einen Zahnabdruck erstellen lassen und das Zahnmodell an uns schicken.\u00a0Ebenso kannst du direkt in unserer alphabite Manufaktur oder bei deinem Zahnarzt deine Z\u00e4hne mit einem 3D-Scanner scannen lassen. Bitte sprich das\u00a0<a href=\"\/de\/kontakt\/\" target=\"_BLANK\" rel=\"noopener\">vorher mit uns<\/a>\u00a0und deinem Zahnarzt ab!<\/em><\/p>\n<\/div><\/div><\/div><\/div><\/div><div class=\"w-tabs-section\" id=\"e55a\"><button class=\"w-tabs-section-header\" aria-controls=\"content-e55a\" aria-expanded=\"false\"><div class=\"w-tabs-section-title\">Ich leide unter Zahnfleischentz\u00fcndungen. Kann ich trotzdem Effektz\u00e4hne tragen?<\/div><div class=\"w-tabs-section-control\"><\/div><\/button><div  class=\"w-tabs-section-content\" id=\"content-e55a\"><div class=\"w-tabs-section-content-h i-cf\"><div class=\"wpb_text_column\"><div class=\"wpb_wrapper\"><p><em>Das solltest du unbedingt vorher mit deinem Zahnarzt abkl\u00e4ren. Gibt er gr\u00fcnes Licht, kannst du dir gerne auch von deinem Zahnarzt einen Zahnabdruck erstellen lassen und ihn dann an uns schicken. Bitte sprich das <a href=\"\/de\/kontakt\/\" target=\"_blank\" rel=\"noopener noreferrer\">vorher mit uns<\/a>\u00a0und deinem Zahnarzt ab!<\/em><\/p>\n<\/div><\/div><\/div><\/div><\/div><div class=\"w-tabs-section\" id=\"f7e8\"><button class=\"w-tabs-section-header\" aria-controls=\"content-f7e8\" aria-expanded=\"false\"><div class=\"w-tabs-section-title\">Ich habe lockere Z\u00e4hne. Kann ich trotzdem Effektz\u00e4hne tragen?<\/div><div class=\"w-tabs-section-control\"><\/div><\/button><div  class=\"w-tabs-section-content\" id=\"content-f7e8\"><div class=\"w-tabs-section-content-h i-cf\"><div class=\"wpb_text_column\"><div class=\"wpb_wrapper\"><p><em>Das solltest du unbedingt vorher mit deinem Zahnarzt abkl\u00e4ren. Gibt er gr\u00fcnes Licht, kannst du dir gerne auch von deinem Zahnarzt einen Zahnabdruck erstellen lassen und ihn dann an uns schicken. Bitte sprich das <a href=\"\/de\/kontakt\/\" target=\"_blank\" rel=\"noopener noreferrer\">vorher mit uns<\/a>\u00a0und deinem Zahnarzt ab!<\/em><\/p>\n<\/div><\/div><\/div><\/div><\/div><div class=\"w-tabs-section\" id=\"pa87\"><button class=\"w-tabs-section-header\" aria-controls=\"content-pa87\" aria-expanded=\"false\"><div class=\"w-tabs-section-title\">Ich habe wandernde Z\u00e4hne. Kann ich trotzdem Effektz\u00e4hne tragen?<\/div><div class=\"w-tabs-section-control\"><\/div><\/button><div  class=\"w-tabs-section-content\" id=\"content-pa87\"><div class=\"w-tabs-section-content-h i-cf\"><div class=\"wpb_text_column\"><div class=\"wpb_wrapper\"><p><em>Das solltest du unbedingt vorher mit deinem Zahnarzt abkl\u00e4ren. Gibt er gr\u00fcnes Licht, kannst du dir gerne auch von deinem Zahnarzt einen Zahnabdruck erstellen lassen und ihn dann an uns schicken. Bitte sprich das <a href=\"\/de\/kontakt\/\" target=\"_blank\" rel=\"noopener noreferrer\">vorher mit uns<\/a>\u00a0und deinem Zahnarzt ab!<\/em><\/p>\n<\/div><\/div><\/div><\/div><\/div><div class=\"w-tabs-section\" id=\"yd23\"><button class=\"w-tabs-section-header\" aria-controls=\"content-yd23\" aria-expanded=\"false\"><div class=\"w-tabs-section-title\">Ich trage festen Zahnersatz. Kann ich trotzdem Effektz\u00e4hne tragen?<\/div><div class=\"w-tabs-section-control\"><\/div><\/button><div  class=\"w-tabs-section-content\" id=\"content-yd23\"><div class=\"w-tabs-section-content-h i-cf\"><div class=\"wpb_text_column\"><div class=\"wpb_wrapper\"><p><em>Das solltest du unbedingt vorher mit deinem Zahnarzt abkl\u00e4ren. Gibt er gr\u00fcnes Licht, kannst du dir gerne auch von deinem Zahnarzt einen Zahnabdruck erstellen lassen und ihn dann an uns schicken. Bitte sprich das <a href=\"\/de\/kontakt\/\" target=\"_blank\" rel=\"noopener noreferrer\">vorher mit uns<\/a>\u00a0und deinem Zahnarzt ab!<\/em><\/p>\n<\/div><\/div><\/div><\/div><\/div><div class=\"w-tabs-section\" id=\"lf99\"><button class=\"w-tabs-section-header\" aria-controls=\"content-lf99\" aria-expanded=\"false\"><div class=\"w-tabs-section-title\">Ich habe herausnehmbaren Zahnersatz. Kann ich trotzdem Effektz\u00e4hne tragen?<\/div><div class=\"w-tabs-section-control\"><\/div><\/button><div  class=\"w-tabs-section-content\" id=\"content-lf99\"><div class=\"w-tabs-section-content-h i-cf\"><div class=\"wpb_text_column\"><div class=\"wpb_wrapper\"><p><em>Das solltest du unbedingt vorher mit deinem Zahnarzt abkl\u00e4ren. Gibt er gr\u00fcnes Licht, kannst du dir gerne auch von deinem Zahnarzt einen Zahnabdruck erstellen lassen und ihn dann an uns schicken. Bitte sprich das <a href=\"\/de\/kontakt\/\" target=\"_blank\" rel=\"noopener noreferrer\">vorher mit uns<\/a>\u00a0und deinem Zahnarzt ab!<\/em><\/p>\n<\/div><\/div><\/div><\/div><\/div><div class=\"w-tabs-section\" id=\"n29e\"><button class=\"w-tabs-section-header\" aria-controls=\"content-n29e\" aria-expanded=\"false\"><div class=\"w-tabs-section-title\">Kann ich mir trotz verschiedener Allergien einen Zahnabdruck machen?<\/div><div class=\"w-tabs-section-control\"><\/div><\/button><div  class=\"w-tabs-section-content\" id=\"content-n29e\"><div class=\"w-tabs-section-content-h i-cf\"><div class=\"wpb_text_column\"><div class=\"wpb_wrapper\"><p><em>Eine allergische Reaktion kann man nie ausschlie\u00dfen. Deine Sicherheit geht vor! Deshalb besprich das bitte mit deinem Zahnarzt. Er hat Erfahrung damit und kann dich dahingehend beraten. Du kannst dir von deinem Zahnarzt auch einen Zahnabdruck erstellen lassen und das Zahnmodell an uns schicken. Bitte sprich das vorher auch <a href=\"\/de\/kontakt\/\" target=\"_blank\" rel=\"noopener noreferrer\">mit uns<\/a>\u00a0ab!<\/em><\/p>\n<\/div><\/div><\/div><\/div><\/div><div class=\"w-tabs-section\" id=\"w544\"><button class=\"w-tabs-section-header\" aria-controls=\"content-w544\" aria-expanded=\"false\"><div class=\"w-tabs-section-title\">Erhalte ich einen medizinischen Zahnabdruck?<\/div><div class=\"w-tabs-section-control\"><\/div><\/button><div  class=\"w-tabs-section-content\" id=\"content-w544\"><div class=\"w-tabs-section-content-h i-cf\"><div class=\"wpb_text_column\"><div class=\"wpb_wrapper\"><p><em>alphabite liefert keine Zahnabdr\u00fccke zum Zweck der Beurteilung von Zahngesundheit oder zur Verschreibung von Medizinprodukten. Alle Produkte werden f\u00fcr die Zwecke von Theater- und Fernseh-\/Filmproduktionen hergestellt.<\/em><\/p>\n<\/div><\/div><\/div><\/div><\/div><\/div><\/div><\/div><\/div><\/div><\/div><\/div><\/section><section class=\"l-section wpb_row height_medium\"><div class=\"l-section-h i-cf\"><div class=\"g-cols vc_row via_flex valign_top type_default stacking_default\"><div class=\"vc_col-sm-12 wpb_column vc_column_container\"><div class=\"vc_column-inner\"><div class=\"wpb_wrapper\">[vc_custom_heading text=&#8220;Effektz\u00e4hne&#8220; use_theme_fonts=&#8220;yes&#8220; css=&#8220;%7B%22default%22%3A%7B%22font-weight%22%3A%22600%22%2C%22font-size%22%3A%2236px%22%7D%2C%22tablets%22%3A%7B%22font-weight%22%3A%22600%22%2C%22font-size%22%3A%2236px%22%7D%2C%22mobiles%22%3A%7B%22font-weight%22%3A%22600%22%2C%22font-size%22%3A%2225px%22%7D%7D&#8220;]<div class=\"w-tabs style_default switch_click accordion\" style=\"--sections-title-size:inherit\"><div class=\"w-tabs-sections titles-align_none icon_chevron cpos_right\"><div class=\"w-tabs-section\" id=\"m7fe\"><button class=\"w-tabs-section-header\" aria-controls=\"content-m7fe\" aria-expanded=\"false\"><div class=\"w-tabs-section-title\">Kann ich mir nur die gezeigten Modelle aus dem Shop aussuchen?<\/div><div class=\"w-tabs-section-control\"><\/div><\/button><div  class=\"w-tabs-section-content\" id=\"content-m7fe\"><div class=\"w-tabs-section-content-h i-cf\"><div class=\"wpb_text_column\"><div class=\"wpb_wrapper\"><p><em>Nein! Lass deiner Fantasie freien Lauf! Es ist unsere Leidenschaft, gemeinsam mit dir neue Zahnkreationen zu entwerfen! Schicke uns einfach eine <a href=\"\/de\/kontakt\/\">E-Mail oder ruf<\/a> uns an.<\/em><br \/>\n<em><a href=\"\/de\/create-your-own\/\" target=\"_blank\" rel=\"noopener noreferrer\">Hier<\/a>\u00a0findest du alle M\u00f6glichkeiten zur Gestaltung deiner individuellen Effektz\u00e4hne.<\/em><\/p>\n<\/div><\/div><\/div><\/div><\/div><div class=\"w-tabs-section\" id=\"zaa5\"><button class=\"w-tabs-section-header\" aria-controls=\"content-zaa5\" aria-expanded=\"false\"><div class=\"w-tabs-section-title\">Was ist, wenn mir meine Effektz\u00e4hne nicht passen?<\/div><div class=\"w-tabs-section-control\"><\/div><\/button><div  class=\"w-tabs-section-content\" id=\"content-zaa5\"><div class=\"w-tabs-section-content-h i-cf\"><div class=\"wpb_text_column\"><div class=\"wpb_wrapper\"><p><em>Bitte <a href=\"\/de\/kontakt\/\" target=\"_blank\" rel=\"noopener noreferrer\">kontaktiere<\/a> uns in diesem Fall umgehend. Unsere Arbeit ist von sehr hoher Qualit\u00e4t, jegliche Korrekturma\u00dfnahmen sind selbstverst\u00e4ndlich im Preis inbegriffen. Wir werden gerne mit dir zusammenarbeiten, um eine f\u00fcr dich passende L\u00f6sung zu finden. Wir wollen, dass du zufrieden bist!<\/em><\/p>\n<\/div><\/div><\/div><\/div><\/div><div class=\"w-tabs-section\" id=\"gdb6\"><button class=\"w-tabs-section-header\" aria-controls=\"content-gdb6\" aria-expanded=\"false\"><div class=\"w-tabs-section-title\">Kann ich mit meinen Effektz\u00e4hnen essen, trinken, k\u00fcssen, k\u00e4mpfen, \u2026?<\/div><div class=\"w-tabs-section-control\"><\/div><\/button><div  class=\"w-tabs-section-content\" id=\"content-gdb6\"><div class=\"w-tabs-section-content-h i-cf\"><div class=\"wpb_text_column\"><div class=\"wpb_wrapper\"><p><em>Dies h\u00e4ngt in erster Linie von der Form deiner Effektz\u00e4hne ab. Wir empfehlen dir, sie zum Essen herauszunehmen, da sie brechen k\u00f6nnten. Ansonsten liegt es an dir! Achte nur darauf, dass du dich und andere nicht verletzt!<\/em><\/p>\n<\/div><\/div><\/div><\/div><\/div><div class=\"w-tabs-section\" id=\"h0cc\"><button class=\"w-tabs-section-header\" aria-controls=\"content-h0cc\" aria-expanded=\"false\"><div class=\"w-tabs-section-title\">Ich wohne nicht in Deutschland. Kann ich trotzdem Effektz\u00e4hne bekommen?<\/div><div class=\"w-tabs-section-control\"><\/div><\/button><div  class=\"w-tabs-section-content\" id=\"content-h0cc\"><div class=\"w-tabs-section-content-h i-cf\"><div class=\"wpb_text_column\"><div class=\"wpb_wrapper\"><p><em>Du hast Gl\u00fcck, wir bieten weltweiten Versand an. <a href=\"\/de\/versandkosten-und-lieferzeiten\/\" target=\"_blank\" rel=\"noopener noreferrer\">Hier<\/a> kannst du die f\u00fcr dein Land geltenden Versandkosten einsehen.<\/em><\/p>\n<\/div><\/div><\/div><\/div><\/div><div class=\"w-tabs-section\" id=\"k45b\"><button class=\"w-tabs-section-header\" aria-controls=\"content-k45b\" aria-expanded=\"false\"><div class=\"w-tabs-section-title\">Wie lange dauert es, bis ich meine Effektz\u00e4hne bekomme?<\/div><div class=\"w-tabs-section-control\"><\/div><\/button><div  class=\"w-tabs-section-content\" id=\"content-k45b\"><div class=\"w-tabs-section-content-h i-cf\"><div class=\"wpb_text_column\"><div class=\"wpb_wrapper\"><p><em>Sobald wir deinen Zahnabdruck erhalten haben, dauert es 3-4 Wochen, bis wir dir deine fertigen Effektz\u00e4hne zusenden k\u00f6nnen.<\/em><br \/>\n<em><a href=\"\/de\/versandkosten-und-lieferzeiten\/\" target=\"_blank\" rel=\"noopener noreferrer\">Hier<\/a> findest du alle Informationen zu Lieferzeiten und Versand.<\/em><\/p>\n<\/div><\/div><\/div><\/div><\/div><div class=\"w-tabs-section\" id=\"k831\"><button class=\"w-tabs-section-header\" aria-controls=\"content-k831\" aria-expanded=\"false\"><div class=\"w-tabs-section-title\">Warum muss ich 18 sein, um meine eigenen Effektz\u00e4hne zu bekommen?<\/div><div class=\"w-tabs-section-control\"><\/div><\/button><div  class=\"w-tabs-section-content\" id=\"content-k831\"><div class=\"w-tabs-section-content-h i-cf\"><div class=\"wpb_text_column\"><div class=\"wpb_wrapper\"><p><em>Wir haben dieses Mindestalter ausgew\u00e4hlt, da sich der Kiefer von Jugendlichen, bis sie 18 sind, relativ schnell in Gr\u00f6\u00dfe und Form ver\u00e4ndert (nicht sichtbar, aber er ver\u00e4ndert sich).\u00a0Das bedeutet:\u00a0 Wenn du j\u00fcnger bist und deine eigenen Effektz\u00e4hne bestellst, kannst du die Z\u00e4hne eventuell nicht sehr lange tragen.<\/em><\/p>\n<\/div><\/div><\/div><\/div><\/div><div class=\"w-tabs-section\" id=\"cc2b\"><button class=\"w-tabs-section-header\" aria-controls=\"content-cc2b\" aria-expanded=\"false\"><div class=\"w-tabs-section-title\">Wie pflege ich meine Effektz\u00e4hne?<\/div><div class=\"w-tabs-section-control\"><\/div><\/button><div  class=\"w-tabs-section-content\" id=\"content-cc2b\"><div class=\"w-tabs-section-content-h i-cf\"><div class=\"wpb_text_column\"><div class=\"wpb_wrapper\"><p><em>Sp\u00fcle deine Z\u00e4hne nach jedem Tragen mit lauwarmen Wasser ab. Weitere Pflegetipps findest du in diesem <a href=\"\/de\/pflegehinweise-fuer-deine-effekt-zaehne\/\" target=\"_blank\" rel=\"noopener noreferrer\">Blogartikel<\/a>.<\/em><\/p>\n<\/div><\/div><\/div><\/div><\/div><\/div><\/div><\/div><\/div><\/div><\/div><\/div><\/section><section class=\"l-section wpb_row height_medium\"><div class=\"l-section-h i-cf\"><div class=\"g-cols vc_row via_flex valign_top type_default stacking_default\"><div class=\"vc_col-sm-12 wpb_column vc_column_container\"><div class=\"vc_column-inner\"><div class=\"wpb_wrapper\">[vc_custom_heading text=&#8220;Preise&#8220; use_theme_fonts=&#8220;yes&#8220; css=&#8220;%7B%22default%22%3A%7B%22font-weight%22%3A%22600%22%2C%22font-size%22%3A%2236px%22%7D%2C%22tablets%22%3A%7B%22font-weight%22%3A%22600%22%2C%22font-size%22%3A%2236px%22%7D%2C%22mobiles%22%3A%7B%22font-weight%22%3A%22600%22%2C%22font-size%22%3A%2225px%22%7D%7D&#8220;]<div class=\"w-tabs style_default switch_click accordion\" style=\"--sections-title-size:inherit\"><div class=\"w-tabs-sections titles-align_none icon_chevron cpos_right\"><div class=\"w-tabs-section\" id=\"c9f7\"><button class=\"w-tabs-section-header\" aria-controls=\"content-c9f7\" aria-expanded=\"false\"><div class=\"w-tabs-section-title\">Was kosten meine Effektz\u00e4hne?<\/div><div class=\"w-tabs-section-control\"><\/div><\/button><div  class=\"w-tabs-section-content\" id=\"content-c9f7\"><div class=\"w-tabs-section-content-h i-cf\"><div class=\"wpb_text_column\"><div class=\"wpb_wrapper\"><p><em>Wenn dir ein Modell aus der HALL OF FANGS gef\u00e4llt, bitten wir dich <a href=\"\/de\/kontakt\/\">hier<\/a> den Preis anzufragen. Der dir dann genannte Preis beinhaltet das Starterkit, die Versandkosten und die fertigen Effektz\u00e4hne. \u00a0<\/em><em>Wenn du individuell angefertigte Effektz\u00e4hne w\u00fcnschst,\u00a0<\/em><a href=\"\/de\/kontakt\/\"><em>kontaktiere uns<\/em><\/a><em>\u00a0bitte ebenfalls. <\/em><\/p>\n<p><em>Wir werden dir in jedem Fall vorab ein unverbindliches Angebot unterbreiten.<\/em><\/p>\n<\/div><\/div><\/div><\/div><\/div><div class=\"w-tabs-section\" id=\"od24\"><button class=\"w-tabs-section-header\" aria-controls=\"content-od24\" aria-expanded=\"false\"><div class=\"w-tabs-section-title\">Wie setzt sich euer Preis zusammen?<\/div><div class=\"w-tabs-section-control\"><\/div><\/button><div  class=\"w-tabs-section-content\" id=\"content-od24\"><div class=\"w-tabs-section-content-h i-cf\"><div class=\"wpb_text_column\"><div class=\"wpb_wrapper\"><p><em>Gerne erstellen wir dir ein unverbindliches Angebot. Darin enthalten ist ALLES, vom Beginn der Abdrucknahme, unsere Anreise an die Orte deiner Wahl mit unserem 3D-Scanner, \u00fcber den Vor-Ort-Service mit Nachbetreuung am Set, unsere s\u00e4mtlichen Arbeits- und Materialkosten sowie nat\u00fcrlich die original alphabite fx teeth.<\/em><\/p>\n<\/div><\/div><\/div><\/div><\/div><\/div><\/div><\/div><\/div><\/div><\/div><\/div><\/section><section class=\"l-section wpb_row height_medium\"><div class=\"l-section-h i-cf\"><div class=\"g-cols vc_row via_flex valign_top type_default stacking_default\"><div class=\"vc_col-sm-12 wpb_column vc_column_container\"><div class=\"vc_column-inner\"><div class=\"wpb_wrapper\">[vc_custom_heading text=&#8220;Qualit\u00e4t&#8220; use_theme_fonts=&#8220;yes&#8220; css=&#8220;%7B%22default%22%3A%7B%22font-weight%22%3A%22600%22%2C%22font-size%22%3A%2236px%22%7D%2C%22tablets%22%3A%7B%22font-weight%22%3A%22600%22%2C%22font-size%22%3A%2236px%22%7D%2C%22mobiles%22%3A%7B%22font-weight%22%3A%22600%22%2C%22font-size%22%3A%2225px%22%7D%7D&#8220;]<div class=\"w-tabs style_default switch_click accordion\" style=\"--sections-title-size:inherit\"><div class=\"w-tabs-sections titles-align_none icon_chevron cpos_right\"><div class=\"w-tabs-section\" id=\"a3eb\"><button class=\"w-tabs-section-header\" aria-controls=\"content-a3eb\" aria-expanded=\"false\"><div class=\"w-tabs-section-title\">Welche Materialien verwendet ihr?<\/div><div class=\"w-tabs-section-control\"><\/div><\/button><div  class=\"w-tabs-section-content\" id=\"content-a3eb\"><div class=\"w-tabs-section-content-h i-cf\"><div class=\"wpb_text_column\"><div class=\"wpb_wrapper\"><p><em>Wir verwenden ausschlie\u00dflich die hochwertigen und hypoallergenen Dental-Kunststoffe, die wir auch in unserem Dental-Labor verwenden.<\/em><\/p>\n<\/div><\/div><\/div><\/div><\/div><\/div><\/div><\/div><\/div><\/div><\/div><\/div><\/section><section class=\"l-section wpb_row height_medium\"><div class=\"l-section-h i-cf\"><div class=\"g-cols vc_row via_flex valign_top type_default stacking_default\"><div class=\"vc_col-sm-12 wpb_column vc_column_container\"><div class=\"vc_column-inner\"><div class=\"wpb_wrapper\">[vc_custom_heading text=&#8220;Know-How&#8220; use_theme_fonts=&#8220;yes&#8220; css=&#8220;%7B%22default%22%3A%7B%22font-weight%22%3A%22600%22%2C%22font-size%22%3A%2236px%22%7D%2C%22tablets%22%3A%7B%22font-weight%22%3A%22600%22%2C%22font-size%22%3A%2236px%22%7D%2C%22mobiles%22%3A%7B%22font-weight%22%3A%22600%22%2C%22font-size%22%3A%2225px%22%7D%7D&#8220;]<div class=\"w-tabs style_default switch_click accordion\" style=\"--sections-title-size:inherit\"><div class=\"w-tabs-sections titles-align_none icon_chevron cpos_right\"><div class=\"w-tabs-section\" id=\"o9aa\"><button class=\"w-tabs-section-header\" aria-controls=\"content-o9aa\" aria-expanded=\"false\"><div class=\"w-tabs-section-title\">Wie viel Erfahrung habt ihr mit der Herstellung von Effektz\u00e4hnen?<\/div><div class=\"w-tabs-section-control\"><\/div><\/button><div  class=\"w-tabs-section-content\" id=\"content-o9aa\"><div class=\"w-tabs-section-content-h i-cf\"><div class=\"wpb_text_column\"><div class=\"wpb_wrapper\"><p><em>Susi, eine der Gr\u00fcnderinnen von alphabite, ist Zahntechnikermeisterin mit fast 40 Jahren Berufserfahrung. Insgesamt verf\u00fcgen wir im Team alphabite \u00fcber fast 120 Jahre geballte Erfahrungs-Power!<\/em><\/p>\n<\/div><\/div><\/div><\/div><\/div><div class=\"w-tabs-section\" id=\"gd53\"><button class=\"w-tabs-section-header\" aria-controls=\"content-gd53\" aria-expanded=\"false\"><div class=\"w-tabs-section-title\">Wie kommt ihr dazu Effektz\u00e4hne herzustellen?<\/div><div class=\"w-tabs-section-control\"><\/div><\/button><div  class=\"w-tabs-section-content\" id=\"content-gd53\"><div class=\"w-tabs-section-content-h i-cf\"><div class=\"wpb_text_column\"><div class=\"wpb_wrapper\"><p><em>Susi, eine der Gr\u00fcnderinnen von alphabite, schl\u00fcpfte von Kindheit an gerne in verschiedene Rollen, inklusive perfekter Kost\u00fcme. Da sie seit nunmehr fast 40 Jahren Zahntechnikerin bzw. Zahntechnikermeisterin in eigenem Dental-Labor ist, fertigte sie sich schon immer ihre eigenen Effektz\u00e4hne um ein perfektes Gesamtkunstwerk darzustellen. Als die Nachfrage gerade im Profibereich immer weiter zunahm, gr\u00fcndete sie eine eigene Firma zur Herstellung der SFX Z\u00e4hne: alphabite<\/em><\/p>\n<\/div><\/div><\/div><\/div><\/div><\/div><\/div><\/div><\/div><\/div><\/div><\/div><\/section><section class=\"l-section wpb_row height_medium\"><div class=\"l-section-h i-cf\"><div class=\"g-cols vc_row via_flex valign_top type_default stacking_default\"><div class=\"vc_col-sm-12 wpb_column vc_column_container\"><div class=\"vc_column-inner\"><div class=\"wpb_wrapper\">[vc_custom_heading text=&#8220;Versand&#8220; use_theme_fonts=&#8220;yes&#8220; css=&#8220;%7B%22default%22%3A%7B%22font-weight%22%3A%22600%22%2C%22font-size%22%3A%2236px%22%7D%2C%22tablets%22%3A%7B%22font-weight%22%3A%22600%22%2C%22font-size%22%3A%2236px%22%7D%2C%22mobiles%22%3A%7B%22font-weight%22%3A%22600%22%2C%22font-size%22%3A%2225px%22%7D%7D&#8220;]<div class=\"w-tabs style_default switch_click accordion\" style=\"--sections-title-size:inherit\"><div class=\"w-tabs-sections titles-align_none icon_chevron cpos_right\"><div class=\"w-tabs-section\" id=\"i364\"><button class=\"w-tabs-section-header\" aria-controls=\"content-i364\" aria-expanded=\"false\"><div class=\"w-tabs-section-title\">Mit welchem Versand-Unternehmen kommt meine Bestellung zu mir?<\/div><div class=\"w-tabs-section-control\"><\/div><\/button><div  class=\"w-tabs-section-content\" id=\"content-i364\"><div class=\"w-tabs-section-content-h i-cf\"><div class=\"wpb_text_column\"><div class=\"wpb_wrapper\"><p><em>Hier siehst du, mit welchem <a href=\"\/de\/versandkosten-und-lieferzeiten\/\" target=\"_blank\" rel=\"noopener noreferrer\">Versand-Unternehmen<\/a>\u00a0wir aktuell einen Vertrag haben.<\/em><\/p>\n<\/div><\/div><\/div><\/div><\/div><div class=\"w-tabs-section\" id=\"s622\"><button class=\"w-tabs-section-header\" aria-controls=\"content-s622\" aria-expanded=\"false\"><div class=\"w-tabs-section-title\">Wo ist meine Sendung?<\/div><div class=\"w-tabs-section-control\"><\/div><\/button><div  class=\"w-tabs-section-content\" id=\"content-s622\"><div class=\"w-tabs-section-content-h i-cf\"><div class=\"wpb_text_column\"><div class=\"wpb_wrapper\"><p><em>Bei Versand der Ware wird eine Paketnummer generiert, unter der du den Sendungsverlauf online verfolgen kannst.<\/em><\/p>\n<\/div><\/div><\/div><\/div><\/div><div class=\"w-tabs-section\" id=\"u8d6\"><button class=\"w-tabs-section-header\" aria-controls=\"content-u8d6\" aria-expanded=\"false\"><div class=\"w-tabs-section-title\">Versendet ihr auch au\u00dferhalb Deutschlands?<\/div><div class=\"w-tabs-section-control\"><\/div><\/button><div  class=\"w-tabs-section-content\" id=\"content-u8d6\"><div class=\"w-tabs-section-content-h i-cf\"><div class=\"wpb_text_column\"><div class=\"wpb_wrapper\"><p><em>Nat\u00fcrlich versenden wir die Effektz\u00e4hne auch ins Ausland. Der Versand in ein beliebiges Land der Europ\u00e4ischen Union ist inbegriffen. Ein Versand in andere L\u00e4nder ist ebenfalls m\u00f6glich, bitte pr\u00fcfe<\/em><em>\u00a0unsere <a href=\"\/de\/versandkosten-und-lieferzeiten\/\">Versandpreise<\/a>.<\/em><\/p>\n<\/div><\/div><\/div><\/div><\/div><\/div><\/div><\/div><\/div><\/div><\/div><\/div><\/section><section class=\"l-section wpb_row height_medium\"><div class=\"l-section-h i-cf\"><div class=\"g-cols vc_row via_flex valign_top type_default stacking_default\"><div class=\"vc_col-sm-12 wpb_column vc_column_container\"><div class=\"vc_column-inner\"><div class=\"wpb_wrapper\">[vc_custom_heading text=&#8220;Stornierung deiner Bestellung&#8220; use_theme_fonts=&#8220;yes&#8220; css=&#8220;%7B%22default%22%3A%7B%22font-weight%22%3A%22600%22%2C%22font-size%22%3A%2236px%22%7D%2C%22tablets%22%3A%7B%22font-weight%22%3A%22600%22%2C%22font-size%22%3A%2236px%22%7D%2C%22mobiles%22%3A%7B%22font-weight%22%3A%22600%22%2C%22font-size%22%3A%2225px%22%7D%7D&#8220;]<div class=\"w-tabs style_default switch_click accordion\" style=\"--sections-title-size:inherit\"><div class=\"w-tabs-sections titles-align_none icon_chevron cpos_right\"><div class=\"w-tabs-section\" id=\"o3ca\"><button class=\"w-tabs-section-header\" aria-controls=\"content-o3ca\" aria-expanded=\"false\"><div class=\"w-tabs-section-title\">Wie kann ich eine Bestellung stornieren?<\/div><div class=\"w-tabs-section-control\"><\/div><\/button><div  class=\"w-tabs-section-content\" id=\"content-o3ca\"><div class=\"w-tabs-section-content-h i-cf\"><div class=\"wpb_text_column\"><div class=\"wpb_wrapper\"><p><em>Wir haben ein Widerrufsformular erstellt, mit dem du eine Bestellung stornieren kannst. F\u00fclle es einfach aus und sende es per E-Mail, Fax oder Post an uns.<\/em><\/p>\n<\/div><\/div><div class=\"w-btn-wrapper align_none\"><a class=\"w-btn us-btn-style_11\" target=\" _blank\" rel=\"nofollow\" href=\"\/wp-content\/uploads\/2020\/07\/AB-Wiederrufsformular_de.pdf\"><span class=\"w-btn-label\">Widerrufsformular<\/span><\/a><\/div><\/div><\/div><\/div><div class=\"w-tabs-section\" id=\"u6e0\"><button class=\"w-tabs-section-header\" aria-controls=\"content-u6e0\" aria-expanded=\"false\"><div class=\"w-tabs-section-title\">Welche Kosten bekomme ich zur\u00fcckerstattet, wenn ich die Bestellung storniere?<\/div><div class=\"w-tabs-section-control\"><\/div><\/button><div  class=\"w-tabs-section-content\" id=\"content-u6e0\"><div class=\"w-tabs-section-content-h i-cf\"><div class=\"wpb_text_column\"><div class=\"wpb_wrapper\"><p><em>Das kommt auf den Zeitpunkt deiner Stornierung an:<\/em><br \/>\n<em>Prinzipiell hast du 14 Tage nach deiner Bestellung Zeit zu stornieren.<\/em><br \/>\n<em>Hast du das Starterkit schon erhalten und stornierst erst dann, staffelt es sich folgenderma\u00dfen:<\/em><br \/>\n<em>Wenn du uns das Starterkit unge\u00f6ffnet zur\u00fcckschickst, entsteht dir lediglich die <a href=\"\/de\/versandkosten-und-lieferzeiten\/\" target=\"_blank\" rel=\"noopener noreferrer\">Versandkostenpauschale<\/a>.<\/em><br \/>\n<em>Schickst du uns das Starterkit ge\u00f6ffnet zur\u00fcck d\u00fcrfen wir es aus hygienischen Gr\u00fcnden nicht wiederverwenden. Dann bekommst du von uns den Betrag f\u00fcr die eigentlichen Effektz\u00e4hne zur\u00fcck. Hier entstehen dir lediglich die Kosten f\u00fcr das Starterkit und die <a href=\"\/de\/versandkosten-und-lieferzeiten\/\" target=\"_blank\" rel=\"noopener noreferrer\">Versandkostenpauschale<\/a>.<\/em><br \/>\n<em>Hast du uns deinen Zahnabdruck schon zur\u00fcckgeschickt und wir haben bereits mit der Fertigung deiner Effektz\u00e4hne begonnen, k\u00f6nnen wir dir leider keine Kosten mehr erstatten, da die Effektz\u00e4hne nat\u00fcrlich ganz individuell f\u00fcr dich gemacht werden.<\/em><\/p>\n<\/div><\/div><\/div><\/div><\/div><\/div><\/div><\/div><\/div><\/div><\/div><\/div><\/section><section class=\"l-section wpb_row height_medium\"><div class=\"l-section-h i-cf\"><div class=\"g-cols vc_row via_flex valign_top type_default stacking_default\"><div class=\"vc_col-sm-12 wpb_column vc_column_container\"><div class=\"vc_column-inner\"><div class=\"wpb_wrapper\">[vc_custom_heading text=&#8220;Umweltschutz&#8220; use_theme_fonts=&#8220;yes&#8220; css=&#8220;%7B%22default%22%3A%7B%22font-weight%22%3A%22600%22%2C%22font-size%22%3A%2236px%22%7D%2C%22tablets%22%3A%7B%22font-weight%22%3A%22600%22%2C%22font-size%22%3A%2236px%22%7D%2C%22mobiles%22%3A%7B%22font-weight%22%3A%22600%22%2C%22font-size%22%3A%2225px%22%7D%7D&#8220;]<div class=\"w-tabs style_default switch_click accordion\" style=\"--sections-title-size:inherit\"><div class=\"w-tabs-sections titles-align_none icon_chevron cpos_right\"><div class=\"w-tabs-section\" id=\"g9ea\"><button class=\"w-tabs-section-header\" aria-controls=\"content-g9ea\" aria-expanded=\"false\"><div class=\"w-tabs-section-title\">In welchen Materialien sind eure Produkte verpackt?<\/div><div class=\"w-tabs-section-control\"><\/div><\/button><div  class=\"w-tabs-section-content\" id=\"content-g9ea\"><div class=\"w-tabs-section-content-h i-cf\"><div class=\"wpb_text_column\"><div class=\"wpb_wrapper\"><p><em>Der Schutz unserer Erde und der Natur ist uns sehr wichtig. Deshalb verpacken wir 100 % plastikfrei. Lediglich der Abdruckl\u00f6ffel muss aus hygienischen Gr\u00fcnden in recycelbarem Kunststoff verpackt sein. Die Dosen, die wir verwenden, sind aus Wei\u00dfblech. Du kannst sie gut f\u00fcr andere Zwecke weiterverwenden. Die Aufkleber mit unserem Logo drauf sind vegan hergestellt.<\/em><\/p>\n<\/div><\/div><\/div><\/div><\/div><div class=\"w-tabs-section\" id=\"kce2\"><button class=\"w-tabs-section-header\" aria-controls=\"content-kce2\" aria-expanded=\"false\"><div class=\"w-tabs-section-title\">Was tut ihr sonst in Sachen Umweltschutz?<\/div><div class=\"w-tabs-section-control\"><\/div><\/button><div  class=\"w-tabs-section-content\" id=\"content-kce2\"><div class=\"w-tabs-section-content-h i-cf\"><div class=\"wpb_text_column\"><div class=\"wpb_wrapper\"><p><em>Neben den Materialien f\u00fcr die Verpackung produzieren wir mit 100 % Strom aus erneuerbaren Energien.<\/em><\/p>\n<\/div><\/div><\/div><\/div><\/div><\/div><\/div><\/div><\/div><\/div><\/div><\/div><\/section><section class=\"l-section wpb_row height_medium\"><div class=\"l-section-h i-cf\"><div class=\"g-cols vc_row via_flex valign_top type_default stacking_default\"><div class=\"vc_col-sm-12 wpb_column vc_column_container\"><div class=\"vc_column-inner\"><div class=\"wpb_wrapper\">[vc_custom_heading text=&#8220;Service&#8220; use_theme_fonts=&#8220;yes&#8220; css=&#8220;%7B%22default%22%3A%7B%22font-weight%22%3A%22600%22%2C%22font-size%22%3A%2228px%22%7D%2C%22tablets%22%3A%7B%22font-weight%22%3A%22600%22%2C%22font-size%22%3A%2236px%22%7D%2C%22mobiles%22%3A%7B%22font-weight%22%3A%22600%22%2C%22font-size%22%3A%2225px%22%7D%7D&#8220;]<div class=\"w-tabs style_default switch_click accordion\" style=\"--sections-title-size:inherit\"><div class=\"w-tabs-sections titles-align_none icon_chevron cpos_right\"><div class=\"w-tabs-section\" id=\"y4e3\"><button class=\"w-tabs-section-header\" aria-controls=\"content-y4e3\" aria-expanded=\"false\"><div class=\"w-tabs-section-title\">Was ist, wenn etwas nicht passt?<\/div><div class=\"w-tabs-section-control\"><\/div><\/button><div  class=\"w-tabs-section-content\" id=\"content-y4e3\"><div class=\"w-tabs-section-content-h i-cf\"><div class=\"wpb_text_column\"><div class=\"wpb_wrapper\"><p><em>alphabite steht f\u00fcr gr\u00f6\u00dftm\u00f6glichen Service. Wenn also etwas nicht 100%-ig passt bessern wir in k\u00fcrzester Zeit vor Ort nach.<\/em><\/p>\n<\/div><\/div><\/div><\/div><\/div><div class=\"w-tabs-section\" id=\"n891\"><button class=\"w-tabs-section-header\" aria-controls=\"content-n891\" aria-expanded=\"false\"><div class=\"w-tabs-section-title\">Habt ihr feste Arbeitszeiten?<\/div><div class=\"w-tabs-section-control\"><\/div><\/button><div  class=\"w-tabs-section-content\" id=\"content-n891\"><div class=\"w-tabs-section-content-h i-cf\"><div class=\"wpb_text_column\"><div class=\"wpb_wrapper\"><p><em>SFX Z\u00e4hne sind unsere Leidenschaft. Deshalb sind wir an 365 Tagen im Jahr rund um die Uhr f\u00fcr dich erreichbar und im Einsatz.<\/em><\/p>\n<\/div><\/div><\/div><\/div><\/div><div class=\"w-tabs-section\" id=\"rc3f\"><button class=\"w-tabs-section-header\" aria-controls=\"content-rc3f\" aria-expanded=\"false\"><div class=\"w-tabs-section-title\">Zu welchen Zeiten seid ihr f\u00fcr mich erreichbar?<\/div><div class=\"w-tabs-section-control\"><\/div><\/button><div  class=\"w-tabs-section-content\" id=\"content-rc3f\"><div class=\"w-tabs-section-content-h i-cf\"><div class=\"wpb_text_column\"><div class=\"wpb_wrapper\"><p><em>Flexibilit\u00e4t wird bei uns gro\u00df geschrieben. Deshalb sind wir an 365 Tagen im Jahr rund um die Uhr f\u00fcr dich erreichbar und im Einsatz.<\/em><\/p>\n<\/div><\/div><\/div><\/div><\/div><div class=\"w-tabs-section\" id=\"qfe2\"><button class=\"w-tabs-section-header\" aria-controls=\"content-qfe2\" aria-expanded=\"false\"><div class=\"w-tabs-section-title\">Welchen Service kann man von euch erwarten?<\/div><div class=\"w-tabs-section-control\"><\/div><\/button><div  class=\"w-tabs-section-content\" id=\"content-qfe2\"><div class=\"w-tabs-section-content-h i-cf\"><div class=\"wpb_text_column\"><div class=\"wpb_wrapper\"><p><em>SFX Z\u00e4hne sind unsere Leidenschaft. Daf\u00fcr sind wir bereit an 365 Tagen im Jahr rund um die Uhr und weltweit da zu sein. Vom Beginn der Abdrucknahme, unsere Anreise an die Orte deiner Wahl mit unserem 3D-Scanner, \u00fcber den Vor-Ort-Service mit Nachbetreuung am Set sowie die Herstellung der original alphabite fx teeth nach h\u00f6chsten Qualit\u00e4tsstandards in unserer Manufaktur.<\/em><\/p>\n<\/div><\/div><\/div><\/div><\/div><div class=\"w-tabs-section\" id=\"w38a\"><button class=\"w-tabs-section-header\" aria-controls=\"content-w38a\" aria-expanded=\"false\"><div class=\"w-tabs-section-title\">Kann man sich eure Arbeiten im Vorfeld mal anschauen oder sogar mal selbst in den H\u00e4nden halten?<\/div><div class=\"w-tabs-section-control\"><\/div><\/button><div  class=\"w-tabs-section-content\" id=\"content-w38a\"><div class=\"w-tabs-section-content-h i-cf\"><div class=\"wpb_text_column\"><div class=\"wpb_wrapper\"><p><em>Sehr gerne schicken wir dir nach Absprache verschiedene Ansicht-Modelle unserer original alphabite fx teeth kostenlos zu.<\/em><\/p>\n<\/div><\/div><\/div><\/div><\/div><div class=\"w-tabs-section\" id=\"j738\"><button class=\"w-tabs-section-header\" aria-controls=\"content-j738\" aria-expanded=\"false\"><div class=\"w-tabs-section-title\">Arbeitet ihr auch international?<\/div><div class=\"w-tabs-section-control\"><\/div><\/button><div  class=\"w-tabs-section-content\" id=\"content-j738\"><div class=\"w-tabs-section-content-h i-cf\"><div class=\"wpb_text_column\"><div class=\"wpb_wrapper\"><p><em>Je nach Absprache und Auftragsvolumen sind wir gerne weltweit f\u00fcr dich da.<\/em><\/p>\n<\/div><\/div><\/div><\/div><\/div><\/div><\/div><\/div><\/div><\/div><\/div><\/div><\/section><section class=\"l-section wpb_row height_medium\"><div class=\"l-section-h i-cf\"><div class=\"g-cols vc_row via_flex valign_top type_default stacking_default\"><div class=\"vc_col-sm-12 wpb_column vc_column_container\"><div class=\"vc_column-inner\"><div class=\"wpb_wrapper\">[vc_custom_heading text=&#8220;Kooperationen&#8220; use_theme_fonts=&#8220;yes&#8220; css=&#8220;%7B%22default%22%3A%7B%22font-weight%22%3A%22600%22%2C%22font-size%22%3A%2236px%22%7D%2C%22tablets%22%3A%7B%22font-weight%22%3A%22600%22%2C%22font-size%22%3A%2236px%22%7D%2C%22mobiles%22%3A%7B%22font-weight%22%3A%22600%22%2C%22font-size%22%3A%2225px%22%7D%7D&#8220;]<div class=\"w-tabs style_default switch_click accordion\" style=\"--sections-title-size:inherit\"><div class=\"w-tabs-sections titles-align_none icon_chevron cpos_right\"><div class=\"w-tabs-section\" id=\"d043\"><button class=\"w-tabs-section-header\" aria-controls=\"content-d043\" aria-expanded=\"false\"><div class=\"w-tabs-section-title\">Muss alphabite erw\u00e4hnt werden oder kann man mit euch auch whitelabel arbeiten?<\/div><div class=\"w-tabs-section-control\"><\/div><\/button><div  class=\"w-tabs-section-content\" id=\"content-d043\"><div class=\"w-tabs-section-content-h i-cf\"><div class=\"wpb_text_column\"><div class=\"wpb_wrapper\"><p><em>Wir freuen uns auf unkomplizierte M\u00f6glichkeiten der Zusammenarbeit.<\/em><br \/>\n<em>Gerne kooperieren wir mit dir oder arbeiten unter deinem Namen.<\/em><br \/>\n<em>Weiteres erf\u00e4hrst du\u00a0<a href=\"\/de\/maskenbildner\/\">hier<\/a><\/em><\/p>\n<\/div><\/div><\/div><\/div><\/div><div class=\"w-tabs-section\" id=\"f44a\"><button class=\"w-tabs-section-header\" aria-controls=\"content-f44a\" aria-expanded=\"false\"><div class=\"w-tabs-section-title\">Ich bin Maskenbildner. Wie k\u00f6nnt ihr meine Arbeit unterst\u00fctzen?<\/div><div class=\"w-tabs-section-control\"><\/div><\/button><div  class=\"w-tabs-section-content\" id=\"content-f44a\"><div class=\"w-tabs-section-content-h i-cf\"><div class=\"wpb_text_column\"><div class=\"wpb_wrapper\"><p><em>Wir geben dir die M\u00f6glichkeit dich v\u00f6llig auf deine Arbeit konzentrieren zu k\u00f6nnen, ohne dir Gedanken \u00fcber die passenden Z\u00e4hne machen zu m\u00fcssen.\u00a0<\/em><em>Bei der Herstellung der SFX Z\u00e4hne achten wir sorgf\u00e4ltig auf die Pers\u00f6nlichkeit des Kunden sowie auf dessen besondere k\u00f6rperliche Merkmale.\u00a0<\/em><em>Kombiniert mit dem Charakter, f\u00fcr den die Z\u00e4hne vorgesehen sind, zeichnen wir mit h\u00f6chstem k\u00fcnstlerischen Anspruch ein ganz neues Bild.\u00a0<\/em><em>So unterst\u00fctzen wir dich im Bereich Effekt-Z\u00e4hne und fertigen diese professionell nach\u00a0<\/em><em>deinen Vorstellungen.\u00a0<\/em><em>Auch um Haftungsfragen in Bezug auf Effektz\u00e4hne musst du dir keine Gedanken mehr machen.<\/em><\/p>\n<p>Weitere Infos findest du <a href=\"\/de\/maskenbildner\/\">hier<\/a><\/p>\n<\/div><\/div><\/div><\/div><\/div><\/div><\/div><\/div><\/div><\/div><\/div><\/div><\/section>\n","protected":false},"excerpt":{"rendered":"[vc_custom_heading text=\"Fragen und Antworten\" font_container=\"tag:h1|text_align:left\" use_theme_fonts=\"yes\" css=\"%7B%22mobiles%22%3A%7B%22font-size%22%3A%2237px%22%7D%7D\"][vc_custom_heading text=\"Zahnabdruck\" use_theme_fonts=\"yes\" css=\"%7B%22default%22%3A%7B%22font-weight%22%3A%22600%22%2C%22font-size%22%3A%2236px%22%7D%2C%22tablets%22%3A%7B%22font-weight%22%3A%22600%22%2C%22font-size%22%3A%2236px%22%7D%2C%22mobiles%22%3A%7B%22font-weight%22%3A%22600%22%2C%22font-size%22%3A%2225px%22%7D%7D\"]Muss man zu euch in die Manufaktur kommen um einen digital gescannten Zahnabdruck zu bekommen?Wir nehmen die Abdr\u00fccke deines Models per 3D-Dental-Scanner f\u00fcr 100%-ige Genauigkeit.\u00a0Hierzu besteht die M\u00f6glichkeit direkt zu uns in die Manufaktur zu kommen oder wir kommen nach Absprache an einen Ort deiner Wahl,...","protected":false},"author":2,"featured_media":0,"parent":0,"menu_order":0,"comment_status":"closed","ping_status":"closed","template":"","meta":{"inline_featured_image":false,"_joinchat":[],"footnotes":""},"class_list":["post-9553","page","type-page","status-publish","hentry"],"yoast_head":"<!-- This site is optimized with the Yoast SEO plugin v27.3 - https:\/\/yoast.com\/product\/yoast-seo-wordpress\/ -->\n<title>FAQ - alphabite<\/title>\n<meta name=\"robots\" content=\"index, follow, max-snippet:-1, max-image-preview:large, max-video-preview:-1\" \/>\n<link rel=\"canonical\" href=\"https:\/\/alphabite.de\/de\/faq\/\" \/>\n<meta property=\"og:locale\" content=\"de_DE\" \/>\n<meta property=\"og:type\" content=\"article\" \/>\n<meta property=\"og:title\" content=\"FAQ - alphabite\" \/>\n<meta property=\"og:url\" content=\"https:\/\/alphabite.de\/de\/faq\/\" \/>\n<meta property=\"og:site_name\" content=\"alphabite\" \/>\n<meta property=\"article:publisher\" content=\"https:\/\/www.facebook.com\/alphabitefxteeth\" \/>\n<meta property=\"article:modified_time\" content=\"2021-05-28T08:53:36+00:00\" \/>\n<meta name=\"twitter:card\" content=\"summary_large_image\" \/>\n<meta name=\"twitter:label1\" content=\"Gesch\u00e4tzte Lesezeit\" \/>\n\t<meta name=\"twitter:data1\" content=\"9\u00a0Minuten\" \/>\n<script type=\"application\/ld+json\" class=\"yoast-schema-graph\">{\"@context\":\"https:\\\/\\\/schema.org\",\"@graph\":[{\"@type\":\"WebPage\",\"@id\":\"https:\\\/\\\/alphabite.de\\\/de\\\/faq\\\/\",\"url\":\"https:\\\/\\\/alphabite.de\\\/de\\\/faq\\\/\",\"name\":\"FAQ - alphabite\",\"isPartOf\":{\"@id\":\"https:\\\/\\\/alphabite.de\\\/de\\\/#website\"},\"datePublished\":\"2020-07-17T14:57:27+00:00\",\"dateModified\":\"2021-05-28T08:53:36+00:00\",\"breadcrumb\":{\"@id\":\"https:\\\/\\\/alphabite.de\\\/de\\\/faq\\\/#breadcrumb\"},\"inLanguage\":\"de\",\"potentialAction\":[{\"@type\":\"ReadAction\",\"target\":[\"https:\\\/\\\/alphabite.de\\\/de\\\/faq\\\/\"]}]},{\"@type\":\"BreadcrumbList\",\"@id\":\"https:\\\/\\\/alphabite.de\\\/de\\\/faq\\\/#breadcrumb\",\"itemListElement\":[{\"@type\":\"ListItem\",\"position\":1,\"name\":\"Startseite\",\"item\":\"https:\\\/\\\/alphabite.de\\\/de\\\/\"},{\"@type\":\"ListItem\",\"position\":2,\"name\":\"FAQ\"}]},{\"@type\":\"WebSite\",\"@id\":\"https:\\\/\\\/alphabite.de\\\/de\\\/#website\",\"url\":\"https:\\\/\\\/alphabite.de\\\/de\\\/\",\"name\":\"alphabite\",\"description\":\"we are fx teeth\",\"publisher\":{\"@id\":\"https:\\\/\\\/alphabite.de\\\/de\\\/#organization\"},\"potentialAction\":[{\"@type\":\"SearchAction\",\"target\":{\"@type\":\"EntryPoint\",\"urlTemplate\":\"https:\\\/\\\/alphabite.de\\\/de\\\/?s={search_term_string}\"},\"query-input\":{\"@type\":\"PropertyValueSpecification\",\"valueRequired\":true,\"valueName\":\"search_term_string\"}}],\"inLanguage\":\"de\"},{\"@type\":\"Organization\",\"@id\":\"https:\\\/\\\/alphabite.de\\\/de\\\/#organization\",\"name\":\"alphabite fx teeth\",\"url\":\"https:\\\/\\\/alphabite.de\\\/de\\\/\",\"logo\":{\"@type\":\"ImageObject\",\"inLanguage\":\"de\",\"@id\":\"https:\\\/\\\/alphabite.de\\\/de\\\/#\\\/schema\\\/logo\\\/image\\\/\",\"url\":\"https:\\\/\\\/alphabite.de\\\/wp-content\\\/uploads\\\/2020\\\/07\\\/AB-Logo-StandardClaim-wei\u00df_RGB-e1594813826369.png\",\"contentUrl\":\"https:\\\/\\\/alphabite.de\\\/wp-content\\\/uploads\\\/2020\\\/07\\\/AB-Logo-StandardClaim-wei\u00df_RGB-e1594813826369.png\",\"width\":3000,\"height\":1350,\"caption\":\"alphabite fx teeth\"},\"image\":{\"@id\":\"https:\\\/\\\/alphabite.de\\\/de\\\/#\\\/schema\\\/logo\\\/image\\\/\"},\"sameAs\":[\"https:\\\/\\\/www.facebook.com\\\/alphabitefxteeth\",\"https:\\\/\\\/www.instagram.com\\\/zahnspektakel\\\/\",\"https:\\\/\\\/www.pinterest.de\\\/alphabitefxteeth\\\/\",\"https:\\\/\\\/www.youtube.com\\\/channel\\\/UC0bvo36eq_HJXORZuo4c76A\\\/\"]}]}<\/script>\n<!-- \/ Yoast SEO plugin. -->","yoast_head_json":{"title":"FAQ - alphabite","robots":{"index":"index","follow":"follow","max-snippet":"max-snippet:-1","max-image-preview":"max-image-preview:large","max-video-preview":"max-video-preview:-1"},"canonical":"https:\/\/alphabite.de\/de\/faq\/","og_locale":"de_DE","og_type":"article","og_title":"FAQ - alphabite","og_url":"https:\/\/alphabite.de\/de\/faq\/","og_site_name":"alphabite","article_publisher":"https:\/\/www.facebook.com\/alphabitefxteeth","article_modified_time":"2021-05-28T08:53:36+00:00","twitter_card":"summary_large_image","twitter_misc":{"Gesch\u00e4tzte Lesezeit":"9\u00a0Minuten"},"schema":{"@context":"https:\/\/schema.org","@graph":[{"@type":"WebPage","@id":"https:\/\/alphabite.de\/de\/faq\/","url":"https:\/\/alphabite.de\/de\/faq\/","name":"FAQ - alphabite","isPartOf":{"@id":"https:\/\/alphabite.de\/de\/#website"},"datePublished":"2020-07-17T14:57:27+00:00","dateModified":"2021-05-28T08:53:36+00:00","breadcrumb":{"@id":"https:\/\/alphabite.de\/de\/faq\/#breadcrumb"},"inLanguage":"de","potentialAction":[{"@type":"ReadAction","target":["https:\/\/alphabite.de\/de\/faq\/"]}]},{"@type":"BreadcrumbList","@id":"https:\/\/alphabite.de\/de\/faq\/#breadcrumb","itemListElement":[{"@type":"ListItem","position":1,"name":"Startseite","item":"https:\/\/alphabite.de\/de\/"},{"@type":"ListItem","position":2,"name":"FAQ"}]},{"@type":"WebSite","@id":"https:\/\/alphabite.de\/de\/#website","url":"https:\/\/alphabite.de\/de\/","name":"alphabite","description":"we are fx teeth","publisher":{"@id":"https:\/\/alphabite.de\/de\/#organization"},"potentialAction":[{"@type":"SearchAction","target":{"@type":"EntryPoint","urlTemplate":"https:\/\/alphabite.de\/de\/?s={search_term_string}"},"query-input":{"@type":"PropertyValueSpecification","valueRequired":true,"valueName":"search_term_string"}}],"inLanguage":"de"},{"@type":"Organization","@id":"https:\/\/alphabite.de\/de\/#organization","name":"alphabite fx teeth","url":"https:\/\/alphabite.de\/de\/","logo":{"@type":"ImageObject","inLanguage":"de","@id":"https:\/\/alphabite.de\/de\/#\/schema\/logo\/image\/","url":"https:\/\/alphabite.de\/wp-content\/uploads\/2020\/07\/AB-Logo-StandardClaim-wei\u00df_RGB-e1594813826369.png","contentUrl":"https:\/\/alphabite.de\/wp-content\/uploads\/2020\/07\/AB-Logo-StandardClaim-wei\u00df_RGB-e1594813826369.png","width":3000,"height":1350,"caption":"alphabite fx teeth"},"image":{"@id":"https:\/\/alphabite.de\/de\/#\/schema\/logo\/image\/"},"sameAs":["https:\/\/www.facebook.com\/alphabitefxteeth","https:\/\/www.instagram.com\/zahnspektakel\/","https:\/\/www.pinterest.de\/alphabitefxteeth\/","https:\/\/www.youtube.com\/channel\/UC0bvo36eq_HJXORZuo4c76A\/"]}]}},"_links":{"self":[{"href":"https:\/\/alphabite.de\/de\/wp-json\/wp\/v2\/pages\/9553","targetHints":{"allow":["GET"]}}],"collection":[{"href":"https:\/\/alphabite.de\/de\/wp-json\/wp\/v2\/pages"}],"about":[{"href":"https:\/\/alphabite.de\/de\/wp-json\/wp\/v2\/types\/page"}],"author":[{"embeddable":true,"href":"https:\/\/alphabite.de\/de\/wp-json\/wp\/v2\/users\/2"}],"replies":[{"embeddable":true,"href":"https:\/\/alphabite.de\/de\/wp-json\/wp\/v2\/comments?post=9553"}],"version-history":[{"count":35,"href":"https:\/\/alphabite.de\/de\/wp-json\/wp\/v2\/pages\/9553\/revisions"}],"predecessor-version":[{"id":11248,"href":"https:\/\/alphabite.de\/de\/wp-json\/wp\/v2\/pages\/9553\/revisions\/11248"}],"wp:attachment":[{"href":"https:\/\/alphabite.de\/de\/wp-json\/wp\/v2\/media?parent=9553"}],"curies":[{"name":"wp","href":"https:\/\/api.w.org\/{rel}","templated":true}]}}